{"id":2688,"date":"2024-01-24T12:16:54","date_gmt":"2024-01-24T12:16:54","guid":{"rendered":"https:\/\/scoalaioanbadescu.ro\/?page_id=2688"},"modified":"2024-07-24T14:18:44","modified_gmt":"2024-07-24T14:18:44","slug":"admitere-anul-scolar-2024-2025","status":"publish","type":"page","link":"https:\/\/scoalaioanbadescu.ro\/?page_id=2688","title":{"rendered":"Admitere Anul \u0218colar 2024-2025"},"content":{"rendered":"\t\t<div data-elementor-type=\"wp-page\" data-elementor-id=\"2688\" class=\"elementor elementor-2688\">\n\t\t\t\t<div class=\"elementor-element elementor-element-f040340 e-flex e-con-boxed e-con e-parent\" data-id=\"f040340\" data-element_type=\"container\">\n\t\t\t\t\t<div class=\"e-con-inner\">\n\t\t\t\t<div class=\"elementor-element elementor-element-c8d61da elementor-widget elementor-widget-heading\" data-id=\"c8d61da\" data-element_type=\"widget\" data-widget_type=\"heading.default\">\n\t\t\t\t<div class=\"elementor-widget-container\">\n\t\t\t\t\t<h2 class=\"elementor-heading-title elementor-size-default\">Anul \u0218colar 2024-2025<\/h2>\t\t\t\t<\/div>\n\t\t\t\t<\/div>\n\t\t\t\t<div class=\"elementor-element elementor-element-3c9bbcd elementor-widget elementor-widget-spacer\" data-id=\"3c9bbcd\" data-element_type=\"widget\" data-widget_type=\"spacer.default\">\n\t\t\t\t<div class=\"elementor-widget-container\">\n\t\t\t\t\t\t\t<div class=\"elementor-spacer\">\n\t\t\t<div class=\"elementor-spacer-inner\"><\/div>\n\t\t<\/div>\n\t\t\t\t\t\t<\/div>\n\t\t\t\t<\/div>\n\t\t\t\t<div class=\"elementor-element elementor-element-ec7af11 elementor-widget elementor-widget-html\" data-id=\"ec7af11\" data-element_type=\"widget\" data-widget_type=\"html.default\">\n\t\t\t\t<div class=\"elementor-widget-container\">\n\t\t\t\t\t<div class=\"_df_book df-lite\" id=\"df_3813\"  data-title=\"elevi-adminsi-la-liceu\" _slug=\"elevi-adminsi-la-liceu\" wpoptions=\"true\" thumbtype=\"bg\" ><\/div><script class=\"df-shortcode-script\" type=\"application\/javascript\">window.option_df_3813 = {\"outline\":[],\"forceFit\":\"true\",\"autoEnableOutline\":\"false\",\"autoEnableThumbnail\":\"false\",\"overwritePDFOutline\":\"false\",\"direction\":\"1\",\"pageSize\":\"0\",\"source\":\"https:\\\/\\\/scoalaioanbadescu.ro\\\/wp-content\\\/uploads\\\/2024\\\/07\\\/Elevi-adminsi-la-liceu.pdf\",\"wpOptions\":\"true\"}; if(window.DFLIP && window.DFLIP.parseBooks){window.DFLIP.parseBooks();}<\/script>\t\t\t\t<\/div>\n\t\t\t\t<\/div>\n\t\t\t\t<div class=\"elementor-element elementor-element-2c6d2da elementor-widget elementor-widget-html\" data-id=\"2c6d2da\" data-element_type=\"widget\" data-widget_type=\"html.default\">\n\t\t\t\t<div class=\"elementor-widget-container\">\n\t\t\t\t\t<div class=\"_df_book df-lite\" id=\"df_3720\"  data-title=\"admitere_romi-si-ces_2024-2025\" _slug=\"admitere_romi-si-ces_2024-2025\" wpoptions=\"true\" thumbtype=\"bg\" ><\/div><script class=\"df-shortcode-script\" type=\"application\/javascript\">window.option_df_3720 = {\"outline\":[],\"forceFit\":\"true\",\"autoEnableOutline\":\"false\",\"autoEnableThumbnail\":\"false\",\"overwritePDFOutline\":\"false\",\"direction\":\"1\",\"pageSize\":\"0\",\"soundEnable\":\"false\",\"source\":\"https:\\\/\\\/scoalaioanbadescu.ro\\\/wp-content\\\/uploads\\\/2024\\\/06\\\/ADMITERE_Romi-si-CES_2024-2025.pdf\",\"wpOptions\":\"true\"}; if(window.DFLIP && window.DFLIP.parseBooks){window.DFLIP.parseBooks();}<\/script>\t\t\t\t<\/div>\n\t\t\t\t<\/div>\n\t\t\t\t\t<\/div>\n\t\t\t\t<\/div>\n\t\t<div class=\"elementor-element elementor-element-8ad286a e-flex e-con-boxed e-con e-parent\" data-id=\"8ad286a\" data-element_type=\"container\">\n\t\t\t\t\t<div class=\"e-con-inner\">\n\t\t\t\t<div class=\"elementor-element elementor-element-1d441a6 elementor-widget elementor-widget-html\" data-id=\"1d441a6\" data-element_type=\"widget\" data-widget_type=\"html.default\">\n\t\t\t\t<div class=\"elementor-widget-container\">\n\t\t\t\t\t<div class=\"_df_book df-lite\" id=\"df_3713\"  data-title=\"admitere_absolventi_-premii-2024-2025\" _slug=\"admitere_absolventi_-premii-2024-2025\" wpoptions=\"true\" thumbtype=\"bg\" ><\/div><script class=\"df-shortcode-script\" type=\"application\/javascript\">window.option_df_3713 = {\"outline\":[],\"forceFit\":\"true\",\"autoEnableOutline\":\"false\",\"autoEnableThumbnail\":\"false\",\"overwritePDFOutline\":\"false\",\"direction\":\"1\",\"pageSize\":\"0\",\"soundEnable\":\"false\",\"source\":\"https:\\\/\\\/scoalaioanbadescu.ro\\\/wp-content\\\/uploads\\\/2024\\\/06\\\/ADMITERE_absolventi_-PREMII-2024-2025.pdf\",\"wpOptions\":\"true\"}; if(window.DFLIP && window.DFLIP.parseBooks){window.DFLIP.parseBooks();}<\/script>\t\t\t\t<\/div>\n\t\t\t\t<\/div>\n\t\t\t\t<div class=\"elementor-element elementor-element-c6efc38 elementor-widget elementor-widget-image\" data-id=\"c6efc38\" data-element_type=\"widget\" data-widget_type=\"image.default\">\n\t\t\t\t<div class=\"elementor-widget-container\">\n\t\t\t\t\t\t\t\t\t\t\t\t\t\t\t<img fetchpriority=\"high\" decoding=\"async\" width=\"1024\" height=\"726\" src=\"https:\/\/scoalaioanbadescu.ro\/wp-content\/uploads\/2024\/05\/Screenshot-2024-05-31-002701.png\" class=\"attachment-large size-large wp-image-3680\" alt=\"\" \/>\t\t\t\t\t\t\t\t\t\t\t\t\t\t\t<\/div>\n\t\t\t\t<\/div>\n\t\t\t\t\t<\/div>\n\t\t\t\t<\/div>\n\t\t<div class=\"elementor-element elementor-element-77a3003 e-flex e-con-boxed e-con e-parent\" data-id=\"77a3003\" data-element_type=\"container\">\n\t\t\t\t\t<div class=\"e-con-inner\">\n\t\t\t\t<div class=\"elementor-element elementor-element-a7d737f elementor-widget elementor-widget-text-editor\" data-id=\"a7d737f\" data-element_type=\"widget\" data-widget_type=\"text-editor.default\">\n\t\t\t\t<div class=\"elementor-widget-container\">\n\t\t\t\t\t\t\t\t\t<ul><li><span style=\"color: #000000;\"><a style=\"color: #000000;\" href=\"\/wp-content\/uploads\/2024\/01\/ome_6070-admitere_2023-2024.pdf\" target=\"_blank\" rel=\"noopener\"><span style=\"color: #ff0000;\"><strong>ORDIN <\/strong><\/span>privind organizarea, desf\u0103\u0219urarea \u0219i calendarul admiterii \u00een \u00eenv\u0103\u021b\u0103m\u00e2ntul profesional \u0219i \u00eenv\u0103\u021b\u0103m\u00e2ntul dual pentru <span style=\"text-decoration: underline;\">Anul \u0218colar 2024-2025<\/span><\/a><\/span><\/li><li><a href=\"\/wp-content\/uploads\/2024\/01\/ome_6154_admitere_inv._liceal_2024-2025_sec.pdf\" target=\"_blank\" rel=\"noopener\"><span style=\"color: #000000;\"><span style=\"color: #ff0000;\"><strong>ORDINUL<\/strong><\/span> Ministrului Educa\u021biei nr. 6.154\/2023 privind organizarea \u0219i desf\u0103\u0219urarea admiterii in \u00eenv\u0103\u021b\u0103m\u00e2ntul liceal pentru<\/span> <span style=\"text-decoration: underline; color: #000000;\">Anul \u0218colar 2024-2025<\/span><\/a><\/li><\/ul>\t\t\t\t\t\t\t\t<\/div>\n\t\t\t\t<\/div>\n\t\t\t\t<div class=\"elementor-element elementor-element-48717b5 elementor-widget elementor-widget-html\" data-id=\"48717b5\" data-element_type=\"widget\" data-widget_type=\"html.default\">\n\t\t\t\t<div class=\"elementor-widget-container\">\n\t\t\t\t\t<div class=\"_df_book df-lite\" id=\"df_3355\"  data-title=\"4511-admitere-2024-2025\" _slug=\"4511-admitere-2024-2025\" wpoptions=\"true\" thumbtype=\"bg\" ><\/div><script class=\"df-shortcode-script\" type=\"application\/javascript\">window.option_df_3355 = {\"outline\":[],\"forceFit\":\"true\",\"autoEnableOutline\":\"false\",\"autoEnableThumbnail\":\"false\",\"overwritePDFOutline\":\"false\",\"direction\":\"1\",\"pageSize\":\"0\",\"soundEnable\":\"false\",\"source\":\"https:\\\/\\\/scoalaioanbadescu.ro\\\/wp-content\\\/uploads\\\/2024\\\/03\\\/4511-ADMITERE.pdf\",\"wpOptions\":\"true\"}; if(window.DFLIP && window.DFLIP.parseBooks){window.DFLIP.parseBooks();}<\/script>\t\t\t\t<\/div>\n\t\t\t\t<\/div>\n\t\t\t\t\t<\/div>\n\t\t\t\t<\/div>\n\t\t\t\t<\/div>\n\t\t","protected":false},"excerpt":{"rendered":"<p>Anul \u0218colar 2024-2025 ORDIN privind organizarea, desf\u0103\u0219urarea \u0219i calendarul admiterii \u00een \u00eenv\u0103\u021b\u0103m\u00e2ntul profesional \u0219i \u00eenv\u0103\u021b\u0103m\u00e2ntul dual pentru Anul \u0218colar 2024-2025 ORDINUL Ministrului Educa\u021biei nr. 6.154\/2023 privind organizarea \u0219i desf\u0103\u0219urarea admiterii in \u00eenv\u0103\u021b\u0103m\u00e2ntul liceal pentru Anul \u0218colar 2024-2025<span class=\"more-link\"><a href=\"https:\/\/scoalaioanbadescu.ro\/?page_id=2688\">Continue Reading<\/a><\/span><\/p>\n","protected":false},"author":2,"featured_media":0,"parent":0,"menu_order":0,"comment_status":"closed","ping_status":"closed","template":"","meta":{"footnotes":""},"class_list":["entry","author-cristian-ene","post-2688","page","type-page","status-publish"],"_links":{"self":[{"href":"https:\/\/scoalaioanbadescu.ro\/index.php?rest_route=\/wp\/v2\/pages\/2688","targetHints":{"allow":["GET"]}}],"collection":[{"href":"https:\/\/scoalaioanbadescu.ro\/index.php?rest_route=\/wp\/v2\/pages"}],"about":[{"href":"https:\/\/scoalaioanbadescu.ro\/index.php?rest_route=\/wp\/v2\/types\/page"}],"author":[{"embeddable":true,"href":"https:\/\/scoalaioanbadescu.ro\/index.php?rest_route=\/wp\/v2\/users\/2"}],"replies":[{"embeddable":true,"href":"https:\/\/scoalaioanbadescu.ro\/index.php?rest_route=%2Fwp%2Fv2%2Fcomments&post=2688"}],"version-history":[{"count":34,"href":"https:\/\/scoalaioanbadescu.ro\/index.php?rest_route=\/wp\/v2\/pages\/2688\/revisions"}],"predecessor-version":[{"id":3817,"href":"https:\/\/scoalaioanbadescu.ro\/index.php?rest_route=\/wp\/v2\/pages\/2688\/revisions\/3817"}],"wp:attachment":[{"href":"https:\/\/scoalaioanbadescu.ro\/index.php?rest_route=%2Fwp%2Fv2%2Fmedia&parent=2688"}],"curies":[{"name":"wp","href":"https:\/\/api.w.org\/{rel}","templated":true}]}}