{"id":2057,"date":"2024-01-21T16:34:44","date_gmt":"2024-01-21T16:34:44","guid":{"rendered":"https:\/\/scoalaioanbadescu.ro\/?page_id=2057"},"modified":"2024-02-16T17:19:06","modified_gmt":"2024-02-16T17:19:06","slug":"prsa-2019-2020","status":"publish","type":"page","link":"https:\/\/scoalaioanbadescu.ro\/?page_id=2057","title":{"rendered":"PRSA 2019-2020"},"content":{"rendered":"\t\t<div data-elementor-type=\"wp-page\" data-elementor-id=\"2057\" class=\"elementor elementor-2057\">\n\t\t\t\t<div class=\"elementor-element elementor-element-34a55c9 e-flex e-con-boxed e-con e-parent\" data-id=\"34a55c9\" data-element_type=\"container\">\n\t\t\t\t\t<div class=\"e-con-inner\">\n\t\t\t\t<div class=\"elementor-element elementor-element-dcf6992 elementor-widget elementor-widget-text-editor\" data-id=\"dcf6992\" data-element_type=\"widget\" data-widget_type=\"text-editor.default\">\n\t\t\t\t<div class=\"elementor-widget-container\">\n\t\t\t\t\t\t\t\t\t<p>\u00a0<\/p><p>La \u0218coala Gimnazial\u0103 \u201eIoan B\u0103descu\u201d Programul Na\u021bional \u201e\u0218coala altfel\u201d se desf\u0103\u0219oar\u0103 \u00een perioada 5-8 mai 2020.<\/p>\t\t\t\t\t\t\t\t<\/div>\n\t\t\t\t<\/div>\n\t\t\t\t<div class=\"elementor-element elementor-element-9cf95b4 elementor-widget elementor-widget-spacer\" data-id=\"9cf95b4\" data-element_type=\"widget\" data-widget_type=\"spacer.default\">\n\t\t\t\t<div class=\"elementor-widget-container\">\n\t\t\t\t\t\t\t<div class=\"elementor-spacer\">\n\t\t\t<div class=\"elementor-spacer-inner\"><\/div>\n\t\t<\/div>\n\t\t\t\t\t\t<\/div>\n\t\t\t\t<\/div>\n\t\t\t\t\t<\/div>\n\t\t\t\t<\/div>\n\t\t<div class=\"elementor-element elementor-element-e73238e e-flex e-con-boxed e-con e-parent\" data-id=\"e73238e\" data-element_type=\"container\">\n\t\t\t\t\t<div class=\"e-con-inner\">\n\t\t\t\t<div class=\"elementor-element elementor-element-fd193ac elementor-widget elementor-widget-heading\" data-id=\"fd193ac\" data-element_type=\"widget\" data-widget_type=\"heading.default\">\n\t\t\t\t<div class=\"elementor-widget-container\">\n\t\t\t\t\t<h1 class=\"elementor-heading-title elementor-size-default\">Activit\u0103\u021bile desf\u0103\u0219urate \u00een cadrul Programului Na\u021bional \u201e\u0218coala altfel\u201d<\/h1>\t\t\t\t<\/div>\n\t\t\t\t<\/div>\n\t\t\t\t<div class=\"elementor-element elementor-element-09a36c2 elementor-widget elementor-widget-spacer\" data-id=\"09a36c2\" data-element_type=\"widget\" data-widget_type=\"spacer.default\">\n\t\t\t\t<div class=\"elementor-widget-container\">\n\t\t\t\t\t\t\t<div class=\"elementor-spacer\">\n\t\t\t<div class=\"elementor-spacer-inner\"><\/div>\n\t\t<\/div>\n\t\t\t\t\t\t<\/div>\n\t\t\t\t<\/div>\n\t\t\t\t<div class=\"elementor-element elementor-element-5cf21b0 elementor-widget elementor-widget-text-editor\" data-id=\"5cf21b0\" data-element_type=\"widget\" data-widget_type=\"text-editor.default\">\n\t\t\t\t<div class=\"elementor-widget-container\">\n\t\t\t\t\t\t\t\t\t<p><a href=\"\/wp-content\/uploads\/2024\/01\/prescolar_2019-2020.xlsx\" target=\"_blank\" rel=\"noopener\">Planificare activitati \u201eScoala Altfel\u201d: PRE\u0218COLAR<\/a><\/p><p><a href=\"\/wp-content\/uploads\/2024\/01\/primar_2019-2020.xlsx\" target=\"_blank\" rel=\"noopener\">Planificare activitati \u201eScoala Altfel\u201d: PRIMAR<\/a><\/p><p><a href=\"\/wp-content\/uploads\/2024\/01\/gimnaziu_2019-2020.xlsx\" target=\"_blank\" rel=\"noopener\">Planificare activitati \u201eScoala Altfel\u201d: GIMNAZIAL<\/a><\/p>\t\t\t\t\t\t\t\t<\/div>\n\t\t\t\t<\/div>\n\t\t\t\t\t<\/div>\n\t\t\t\t<\/div>\n\t\t\t\t<\/div>\n\t\t","protected":false},"excerpt":{"rendered":"<p>\u00a0 La \u0218coala Gimnazial\u0103 \u201eIoan B\u0103descu\u201d Programul Na\u021bional \u201e\u0218coala altfel\u201d se desf\u0103\u0219oar\u0103 \u00een perioada 5-8 mai 2020. Activit\u0103\u021bile desf\u0103\u0219urate \u00een cadrul Programului Na\u021bional \u201e\u0218coala altfel\u201d Planificare activitati \u201eScoala Altfel\u201d: PRE\u0218COLAR Planificare activitati \u201eScoala Altfel\u201d: PRIMAR Planificare activitati \u201eScoala Altfel\u201d: GIMNAZIAL<span class=\"more-link\"><a href=\"https:\/\/scoalaioanbadescu.ro\/?page_id=2057\">Continue Reading<\/a><\/span><\/p>\n","protected":false},"author":2,"featured_media":0,"parent":0,"menu_order":0,"comment_status":"closed","ping_status":"closed","template":"","meta":{"footnotes":""},"class_list":["entry","author-cristian-ene","post-2057","page","type-page","status-publish"],"_links":{"self":[{"href":"https:\/\/scoalaioanbadescu.ro\/index.php?rest_route=\/wp\/v2\/pages\/2057","targetHints":{"allow":["GET"]}}],"collection":[{"href":"https:\/\/scoalaioanbadescu.ro\/index.php?rest_route=\/wp\/v2\/pages"}],"about":[{"href":"https:\/\/scoalaioanbadescu.ro\/index.php?rest_route=\/wp\/v2\/types\/page"}],"author":[{"embeddable":true,"href":"https:\/\/scoalaioanbadescu.ro\/index.php?rest_route=\/wp\/v2\/users\/2"}],"replies":[{"embeddable":true,"href":"https:\/\/scoalaioanbadescu.ro\/index.php?rest_route=%2Fwp%2Fv2%2Fcomments&post=2057"}],"version-history":[{"count":13,"href":"https:\/\/scoalaioanbadescu.ro\/index.php?rest_route=\/wp\/v2\/pages\/2057\/revisions"}],"predecessor-version":[{"id":3005,"href":"https:\/\/scoalaioanbadescu.ro\/index.php?rest_route=\/wp\/v2\/pages\/2057\/revisions\/3005"}],"wp:attachment":[{"href":"https:\/\/scoalaioanbadescu.ro\/index.php?rest_route=%2Fwp%2Fv2%2Fmedia&parent=2057"}],"curies":[{"name":"wp","href":"https:\/\/api.w.org\/{rel}","templated":true}]}}